{"id":263,"date":"2019-09-01T16:23:41","date_gmt":"2019-09-01T16:23:41","guid":{"rendered":"https:\/\/elan-handisport.yj.fr\/?page_id=263"},"modified":"2025-01-02T18:47:27","modified_gmt":"2025-01-02T17:47:27","slug":"bureau-et-conseil-dadministration","status":"publish","type":"page","link":"https:\/\/elan-handiloisirs.fr\/wp\/bureau-et-conseil-dadministration\/","title":{"rendered":"Bureau et conseil d&#8217;Administration"},"content":{"rendered":"\n<div class=\"wp-block-cover is-light\" style=\"min-height:80px;aspect-ratio:unset;\"><span aria-hidden=\"true\" class=\"wp-block-cover__background has-background-dim\"><\/span><img data-recalc-dims=\"1\" loading=\"lazy\" decoding=\"async\" width=\"525\" height=\"127\" class=\"wp-block-cover__image-background wp-image-2090\" alt=\"\" src=\"https:\/\/i0.wp.com\/elan-handiloisirs.fr\/wp\/wp-content\/uploads\/2020\/09\/groupe-Elan2.jpg?resize=525%2C127&#038;ssl=1\" style=\"object-position:50% 40%\" data-object-fit=\"cover\" data-object-position=\"50% 40%\" srcset=\"https:\/\/i0.wp.com\/elan-handiloisirs.fr\/wp\/wp-content\/uploads\/2020\/09\/groupe-Elan2.jpg?w=850&amp;ssl=1 850w, https:\/\/i0.wp.com\/elan-handiloisirs.fr\/wp\/wp-content\/uploads\/2020\/09\/groupe-Elan2.jpg?resize=300%2C73&amp;ssl=1 300w, https:\/\/i0.wp.com\/elan-handiloisirs.fr\/wp\/wp-content\/uploads\/2020\/09\/groupe-Elan2.jpg?resize=150%2C36&amp;ssl=1 150w, https:\/\/i0.wp.com\/elan-handiloisirs.fr\/wp\/wp-content\/uploads\/2020\/09\/groupe-Elan2.jpg?resize=768%2C186&amp;ssl=1 768w\" sizes=\"auto, (max-width: 767px) 89vw, (max-width: 1000px) 54vw, (max-width: 1071px) 543px, 580px\" \/><div class=\"wp-block-cover__inner-container is-layout-flow wp-block-cover-is-layout-flow\">\n<p class=\"has-text-align-center has-text-color has-large-font-size\" style=\"color:#fb6240\">Bureau<\/p>\n<\/div><\/div>\n\n\n\n<figure class=\"wp-block-table is-style-stripes\"><table><tbody><tr><td class=\"has-text-align-center\" data-align=\"center\">G\u00e9rard Serdet<\/td><td class=\"has-text-align-center\" data-align=\"center\">pr\u00e9sident<\/td><\/tr><tr><td class=\"has-text-align-center\" data-align=\"center\">Jean-Claude Guyot<\/td><td class=\"has-text-align-center\" data-align=\"center\">vice-pr\u00e9sident<\/td><\/tr><tr><td class=\"has-text-align-center\" data-align=\"center\">Julien Gazelle <\/td><td class=\"has-text-align-center\" data-align=\"center\">tr\u00e9sorier<\/td><\/tr><tr><td class=\"has-text-align-center\" data-align=\"center\">Bernadette Petit<\/td><td class=\"has-text-align-center\" data-align=\"center\">tr\u00e9sori\u00e8re adjointe<\/td><\/tr><tr><td class=\"has-text-align-center\" data-align=\"center\">Fran\u00e7oise Gazelle<\/td><td class=\"has-text-align-center\" data-align=\"center\">secr\u00e9taire<\/td><\/tr><tr><td class=\"has-text-align-center\" data-align=\"center\">Jacqueline Serdet<\/td><td class=\"has-text-align-center\" data-align=\"center\">secr\u00e9taire adjointe<\/td><\/tr><\/tbody><\/table><\/figure>\n\n\n\n<div class=\"wp-block-cover is-light\" style=\"min-height:144px;aspect-ratio:unset;\"><span aria-hidden=\"true\" class=\"wp-block-cover__background has-background-dim\"><\/span><img data-recalc-dims=\"1\" loading=\"lazy\" decoding=\"async\" width=\"525\" height=\"127\" class=\"wp-block-cover__image-background wp-image-2090\" alt=\"\" src=\"https:\/\/i0.wp.com\/elan-handiloisirs.fr\/wp\/wp-content\/uploads\/2020\/09\/groupe-Elan2.jpg?resize=525%2C127&#038;ssl=1\" data-object-fit=\"cover\" srcset=\"https:\/\/i0.wp.com\/elan-handiloisirs.fr\/wp\/wp-content\/uploads\/2020\/09\/groupe-Elan2.jpg?w=850&amp;ssl=1 850w, https:\/\/i0.wp.com\/elan-handiloisirs.fr\/wp\/wp-content\/uploads\/2020\/09\/groupe-Elan2.jpg?resize=300%2C73&amp;ssl=1 300w, https:\/\/i0.wp.com\/elan-handiloisirs.fr\/wp\/wp-content\/uploads\/2020\/09\/groupe-Elan2.jpg?resize=150%2C36&amp;ssl=1 150w, https:\/\/i0.wp.com\/elan-handiloisirs.fr\/wp\/wp-content\/uploads\/2020\/09\/groupe-Elan2.jpg?resize=768%2C186&amp;ssl=1 768w\" sizes=\"auto, (max-width: 767px) 89vw, (max-width: 1000px) 54vw, (max-width: 1071px) 543px, 580px\" \/><div class=\"wp-block-cover__inner-container is-layout-flow wp-block-cover-is-layout-flow\">\n<p class=\"has-text-align-center has-text-color has-large-font-size\" style=\"color:#fb6240\">Conseil d&#8217;administration<\/p>\n<\/div><\/div>\n\n\n\n<figure class=\"wp-block-table is-style-stripes\"><table><tbody><tr><td class=\"has-text-align-center\" data-align=\"center\">Christelle Arnaud<\/td><td class=\"has-text-align-center\" data-align=\"center\"><\/td><\/tr><tr><td class=\"has-text-align-center\" data-align=\"center\">Patricia Choulet<\/td><td class=\"has-text-align-center\" data-align=\"center\"><\/td><\/tr><tr><td class=\"has-text-align-center\" data-align=\"center\">Solenne Dubrez<\/td><td class=\"has-text-align-center\" data-align=\"center\"><\/td><\/tr><tr><td class=\"has-text-align-center\" data-align=\"center\">Fran\u00e7oise  Gazelle<\/td><td class=\"has-text-align-center\" data-align=\"center\"><\/td><\/tr><tr><td class=\"has-text-align-center\" data-align=\"center\">Julien Gazelle<\/td><td class=\"has-text-align-center\" data-align=\"center\"><\/td><\/tr><tr><td class=\"has-text-align-center\" data-align=\"center\">Jean-Claude Guyot<\/td><td class=\"has-text-align-center\" data-align=\"center\">activit\u00e9s nautiques, handiCAF<\/td><\/tr><tr><td class=\"has-text-align-center\" data-align=\"center\">Jacques Louvrier<\/td><td class=\"has-text-align-center\" data-align=\"center\">HPMM<\/td><\/tr><tr><td class=\"has-text-align-center\" data-align=\"center\">Jo\u00eblle Monnier<\/td><td class=\"has-text-align-center\" data-align=\"center\"><\/td><\/tr><tr><td class=\"has-text-align-center\" data-align=\"center\">Bernadette Petit<\/td><td class=\"has-text-align-center\" data-align=\"center\"><\/td><\/tr><tr><td class=\"has-text-align-center\" data-align=\"center\">Nicolas Schlumberger<\/td><td class=\"has-text-align-center\" data-align=\"center\">Handi&#8217;CAF, organisateur sorties<\/td><\/tr><tr><td class=\"has-text-align-center\" data-align=\"center\">G\u00e9rard Serdet<\/td><td class=\"has-text-align-center\" data-align=\"center\">activit\u00e9s ski, cimgo<\/td><\/tr><tr><td class=\"has-text-align-center\" data-align=\"center\">Jacqueline Serdet<\/td><td class=\"has-text-align-center\" data-align=\"center\">organisatrice sorties<\/td><\/tr><tr><td class=\"has-text-align-center\" data-align=\"center\">Nicolas Vieille<\/td><td class=\"has-text-align-center\" data-align=\"center\"><\/td><\/tr><tr><td class=\"has-text-align-center\" data-align=\"center\">Zeynep Yayla<\/td><td class=\"has-text-align-center\" data-align=\"center\"><\/td><\/tr><\/tbody><\/table><\/figure>\n","protected":false},"excerpt":{"rendered":"<p>G\u00e9rard Serdet pr\u00e9sident Jean-Claude Guyot vice-pr\u00e9sident Julien Gazelle tr\u00e9sorier Bernadette Petit tr\u00e9sori\u00e8re adjointe Fran\u00e7oise Gazelle secr\u00e9taire Jacqueline Serdet secr\u00e9taire adjointe Christelle Arnaud Patricia Choulet Solenne Dubrez Fran\u00e7oise Gazelle Julien Gazelle Jean-Claude Guyot activit\u00e9s nautiques, handiCAF Jacques Louvrier HPMM Jo\u00eblle Monnier Bernadette Petit Nicolas Schlumberger Handi&#8217;CAF, organisateur sorties G\u00e9rard Serdet activit\u00e9s ski, cimgo Jacqueline Serdet organisatrice &hellip; <\/p>\n<p class=\"link-more\"><a href=\"https:\/\/elan-handiloisirs.fr\/wp\/bureau-et-conseil-dadministration\/\" class=\"more-link\">Continuer la lecture<span class=\"screen-reader-text\"> de &laquo;&nbsp;Bureau et conseil d&#8217;Administration&nbsp;&raquo;<\/span><\/a><\/p>\n","protected":false},"author":1,"featured_media":0,"parent":0,"menu_order":0,"comment_status":"closed","ping_status":"closed","template":"","meta":{"ngg_post_thumbnail":0,"footnotes":""},"class_list":["post-263","page","type-page","status-publish","hentry"],"jetpack_sharing_enabled":true,"_links":{"self":[{"href":"https:\/\/elan-handiloisirs.fr\/wp\/wp-json\/wp\/v2\/pages\/263","targetHints":{"allow":["GET"]}}],"collection":[{"href":"https:\/\/elan-handiloisirs.fr\/wp\/wp-json\/wp\/v2\/pages"}],"about":[{"href":"https:\/\/elan-handiloisirs.fr\/wp\/wp-json\/wp\/v2\/types\/page"}],"author":[{"embeddable":true,"href":"https:\/\/elan-handiloisirs.fr\/wp\/wp-json\/wp\/v2\/users\/1"}],"replies":[{"embeddable":true,"href":"https:\/\/elan-handiloisirs.fr\/wp\/wp-json\/wp\/v2\/comments?post=263"}],"version-history":[{"count":4,"href":"https:\/\/elan-handiloisirs.fr\/wp\/wp-json\/wp\/v2\/pages\/263\/revisions"}],"predecessor-version":[{"id":6354,"href":"https:\/\/elan-handiloisirs.fr\/wp\/wp-json\/wp\/v2\/pages\/263\/revisions\/6354"}],"wp:attachment":[{"href":"https:\/\/elan-handiloisirs.fr\/wp\/wp-json\/wp\/v2\/media?parent=263"}],"curies":[{"name":"wp","href":"https:\/\/api.w.org\/{rel}","templated":true}]}}